{"id":1448,"date":"2017-09-14T01:29:39","date_gmt":"2017-09-13T23:29:39","guid":{"rendered":"https:\/\/jaune.centrereliance.fr\/sarl\/?page_id=1448"},"modified":"2025-07-23T20:00:18","modified_gmt":"2025-07-23T18:00:18","slug":"reguler-ses-emotions-formation-emres","status":"publish","type":"page","link":"https:\/\/jaune.centrereliance.fr\/sarl\/reguler-ses-emotions-formation-emres\/","title":{"rendered":"R\u00e9guler ses \u00e9motions : se former \u00e0 la m\u00e9thode Emres"},"content":{"rendered":"<p>[et_pb_section fb_built=\u00a0\u00bb1&Prime; next_background_color=\u00a0\u00bb#638600&Prime; _builder_version=\u00a0\u00bb4.22.1&Prime; custom_padding=\u00a0\u00bb||100px||false|false\u00a0\u00bb bottom_divider_style=\u00a0\u00bbwave2&Prime; global_colors_info=\u00a0\u00bb{}\u00a0\u00bb][et_pb_row _builder_version=\u00a0\u00bb4.22.1&Prime; _module_preset=\u00a0\u00bbdefault\u00a0\u00bb width=\u00a0\u00bb90%\u00a0\u00bb global_colors_info=\u00a0\u00bb{}\u00a0\u00bb][et_pb_column type=\u00a0\u00bb4_4&Prime; _builder_version=\u00a0\u00bb4.22.1&Prime; _module_preset=\u00a0\u00bbdefault\u00a0\u00bb global_colors_info=\u00a0\u00bb{}\u00a0\u00bb][et_pb_image src=\u00a0\u00bbhttps:\/\/jaune.centrereliance.fr\/sarl\/wp-content\/uploads\/sites\/3\/2025\/01\/methode_emres__.jpg\u00a0\u00bb alt=\u00a0\u00bbReguler ses emotions : se former \u00e0 Emres\u00a0\u00bb align=\u00a0\u00bbcenter\u00a0\u00bb _builder_version=\u00a0\u00bb4.25.1&Prime; _module_preset=\u00a0\u00bbdefault\u00a0\u00bb max_height=\u00a0\u00bb70vh\u00a0\u00bb border_radii=\u00a0\u00bbon|25px|25px|25px|25px\u00a0\u00bb global_colors_info=\u00a0\u00bb{}\u00a0\u00bb][\/et_pb_image][et_pb_post_title meta=\u00a0\u00bboff\u00a0\u00bb _builder_version=\u00a0\u00bb4.25.1&Prime; _module_preset=\u00a0\u00bbdefault\u00a0\u00bb title_font=\u00a0\u00bb|||on|||||\u00a0\u00bb title_text_align=\u00a0\u00bbcenter\u00a0\u00bb title_text_color=\u00a0\u00bb#82B000&Prime; global_colors_info=\u00a0\u00bb{}\u00a0\u00bb][\/et_pb_post_title][\/et_pb_column][\/et_pb_row][et_pb_row admin_label=\u00a0\u00bbrow\u00a0\u00bb _builder_version=\u00a0\u00bb4.25.1&Prime; background_size=\u00a0\u00bbinitial\u00a0\u00bb background_position=\u00a0\u00bbtop_left\u00a0\u00bb background_repeat=\u00a0\u00bbrepeat\u00a0\u00bb width=\u00a0\u00bb90%\u00a0\u00bb custom_margin=\u00a0\u00bb||30px||false|false\u00a0\u00bb custom_padding=\u00a0\u00bb10px|10px|10px|10px|true|true\u00a0\u00bb border_radii=\u00a0\u00bbon|15px|15px|15px|15px\u00a0\u00bb border_width_all=\u00a0\u00bb1px\u00a0\u00bb border_color_all=\u00a0\u00bb#82B000&Prime; locked=\u00a0\u00bboff\u00a0\u00bb global_colors_info=\u00a0\u00bb{}\u00a0\u00bb][et_pb_column type=\u00a0\u00bb4_4&Prime; _builder_version=\u00a0\u00bb4.16&Prime; custom_padding=\u00a0\u00bb|||\u00a0\u00bb global_colors_info=\u00a0\u00bb{}\u00a0\u00bb custom_padding__hover=\u00a0\u00bb|||\u00a0\u00bb][et_pb_image src=\u00a0\u00bbhttps:\/\/jaune.centrereliance.fr\/sarl\/wp-content\/uploads\/sites\/3\/2024\/11\/description-formation.jpg\u00a0\u00bb title_text=\u00a0\u00bbdescription-formation\u00a0\u00bb _builder_version=\u00a0\u00bb4.25.1&Prime; _module_preset=\u00a0\u00bbdefault\u00a0\u00bb max_width=\u00a0\u00bb80px\u00a0\u00bb module_alignment=\u00a0\u00bbcenter\u00a0\u00bb custom_margin=\u00a0\u00bb||20px||false|false\u00a0\u00bb global_colors_info=\u00a0\u00bb{}\u00a0\u00bb][\/et_pb_image][et_pb_text admin_label=\u00a0\u00bbText\u00a0\u00bb module_class=\u00a0\u00bbtick-bullets\u00a0\u00bb _builder_version=\u00a0\u00bb4.25.1&Prime; header_text_align=\u00a0\u00bbcenter\u00a0\u00bb header_2_text_align=\u00a0\u00bbcenter\u00a0\u00bb background_size=\u00a0\u00bbinitial\u00a0\u00bb background_position=\u00a0\u00bbtop_left\u00a0\u00bb background_repeat=\u00a0\u00bbrepeat\u00a0\u00bb text_orientation=\u00a0\u00bbjustified\u00a0\u00bb hover_enabled=\u00a0\u00bb0&Prime; global_colors_info=\u00a0\u00bb{}\u00a0\u00bb sticky_enabled=\u00a0\u00bb0&Prime;]<\/p>\n<h2><span data-contrast=\"none\" xml:lang=\"FR-FR\" lang=\"FR-FR\" class=\"TextRun SCXW175499943 BCX0\"><span class=\"NormalTextRun SCXW175499943 BCX0\">Pourquoi se former \u00e0 la<\/span><\/span><span data-contrast=\"none\" xml:lang=\"FR-FR\" lang=\"FR-FR\" class=\"TextRun SCXW175499943 BCX0\"><span class=\"NormalTextRun SCXW175499943 BCX0\">\u00a0m\u00e9thode <\/span><span class=\"NormalTextRun SpellingErrorV2Themed SCXW175499943 BCX0\">EmRes<\/span><span class=\"NormalTextRun SCXW175499943 BCX0\">\u202f<\/span><\/span>?<\/h2>\n<p><span data-contrast=\"auto\">EmRes est une m\u00e9thode <span class=\"NormalTextRun SCXW176946922 BCX0\">pour <\/span><span class=\"NormalTextRun SpellingErrorV2Themed SCXW176946922 BCX0\">r\u00e9guler<\/span><span class=\"NormalTextRun SCXW176946922 BCX0\"> ses \u00e9motions<\/span> qui utilise la voie sensorielle comme moyen d&rsquo;apaisement \u00e9motionnel. Cette approche sensorimotrice\u202fpermet d&rsquo;accueillir l&rsquo;exp\u00e9rience \u00e9motionnelle de mani\u00e8re s\u00e9cure m\u00eame \u202fquand elle est d\u00e9sagr\u00e9able (peurs, col\u00e8res, d\u00e9go\u00fbts, tristesse)<\/span><span data-contrast=\"auto\">. Elle aide en effet<\/span><span data-contrast=\"auto\"> \u00e0 la transformer en exp\u00e9rience apaisante et correctrice.\u00a0<\/span><span data-ccp-props=\"{&quot;335551550&quot;:6,&quot;335551620&quot;:6}\">\u00a0<\/span><\/p>\n<p><span data-contrast=\"auto\">Se former \u00e0<\/span><b><span data-contrast=\"auto\">\u00a0EmRes<\/span><\/b><span data-contrast=\"auto\">, c\u2019est apprendre \u00e0 utiliser des techniques \u00e9prouv\u00e9es pour soi-m\u00eame, pour d\u00e9panner occasionnellement des proches, ou pour accompagner des personnes venant chercher une <\/span><b><span data-contrast=\"auto\">aide professionnelle<\/span><\/b><span data-contrast=\"auto\">.<\/span><span data-ccp-props=\"{&quot;335551550&quot;:6,&quot;335551620&quot;:6}\">\u00a0<\/span><\/p>\n<p><span data-contrast=\"auto\">EmRes s\u2019av\u00e8re utile pour d\u00e9velopper ses comp\u00e9tences \u00e9motionnelles ce qui participe au d\u00e9veloppement du bien-\u00eatre, de la sant\u00e9 physique et mentale et de l\u2019adaptation \u00e0 son milieu. La capacit\u00e9 \u00e0\u00a0<\/span><span data-contrast=\"auto\">r\u00e9guler ses \u00e9motions<\/span><span data-contrast=\"auto\">\u00a0influence directement la qualit\u00e9 de nos relations sociales, professionnelles et personnelles.\u00a0<\/span><span data-ccp-props=\"{&quot;134233117&quot;:false,&quot;134233118&quot;:false,&quot;201341983&quot;:0,&quot;335551550&quot;:6,&quot;335551620&quot;:6,&quot;335559685&quot;:0,&quot;335559737&quot;:0,&quot;335559738&quot;:0,&quot;335559739&quot;:160,&quot;335559740&quot;:278}\">\u00a0<\/span><\/p>\n<p>Pour en savoir plus, <a href=\"https:\/\/centrereliance.fr\/sarl\/wp-content\/uploads\/sites\/3\/2024\/10\/PGM-SVME-241022.pdf\">consulter la pr\u00e9sentation de la m\u00e9thode Emres<\/a>.<span data-ccp-props=\"{&quot;134233117&quot;:false,&quot;134233118&quot;:false,&quot;201341983&quot;:0,&quot;335551550&quot;:6,&quot;335551620&quot;:6,&quot;335559685&quot;:0,&quot;335559737&quot;:0,&quot;335559738&quot;:0,&quot;335559739&quot;:160,&quot;335559740&quot;:278}\"><\/span><\/p>\n<p><span data-ccp-props=\"{&quot;134233117&quot;:false,&quot;134233118&quot;:false,&quot;201341983&quot;:0,&quot;335551550&quot;:6,&quot;335551620&quot;:6,&quot;335559685&quot;:0,&quot;335559737&quot;:0,&quot;335559738&quot;:0,&quot;335559739&quot;:160,&quot;335559740&quot;:278}\"><\/span><\/p>\n<p><span data-ccp-props=\"{&quot;134233117&quot;:false,&quot;134233118&quot;:false,&quot;201341983&quot;:0,&quot;335551550&quot;:6,&quot;335551620&quot;:6,&quot;335559685&quot;:0,&quot;335559737&quot;:0,&quot;335559738&quot;:0,&quot;335559739&quot;:160,&quot;335559740&quot;:278}\"><\/span><\/p>\n<p>[\/et_pb_text][\/et_pb_column][\/et_pb_row][et_pb_row admin_label=\u00a0\u00bbrow\u00a0\u00bb _builder_version=\u00a0\u00bb4.25.1&Prime; background_size=\u00a0\u00bbinitial\u00a0\u00bb background_position=\u00a0\u00bbtop_left\u00a0\u00bb background_repeat=\u00a0\u00bbrepeat\u00a0\u00bb width=\u00a0\u00bb90%\u00a0\u00bb custom_margin=\u00a0\u00bb||30px||false|false\u00a0\u00bb custom_padding=\u00a0\u00bb10px|10px|10px|10px|true|true\u00a0\u00bb border_radii=\u00a0\u00bbon|15px|15px|15px|15px\u00a0\u00bb border_width_all=\u00a0\u00bb1px\u00a0\u00bb border_color_all=\u00a0\u00bb#82B000&Prime; locked=\u00a0\u00bboff\u00a0\u00bb global_colors_info=\u00a0\u00bb{}\u00a0\u00bb][et_pb_column type=\u00a0\u00bb4_4&Prime; _builder_version=\u00a0\u00bb4.16&Prime; custom_padding=\u00a0\u00bb|||\u00a0\u00bb global_colors_info=\u00a0\u00bb{}\u00a0\u00bb custom_padding__hover=\u00a0\u00bb|||\u00a0\u00bb][et_pb_image src=\u00a0\u00bbhttps:\/\/jaune.centrereliance.fr\/sarl\/wp-content\/uploads\/sites\/3\/2024\/11\/public-formation.jpg\u00a0\u00bb title_text=\u00a0\u00bbpublic-formation\u00a0\u00bb _builder_version=\u00a0\u00bb4.25.1&Prime; _module_preset=\u00a0\u00bbdefault\u00a0\u00bb max_width=\u00a0\u00bb80px\u00a0\u00bb module_alignment=\u00a0\u00bbcenter\u00a0\u00bb custom_margin=\u00a0\u00bb||20px||false|false\u00a0\u00bb global_colors_info=\u00a0\u00bb{}\u00a0\u00bb][\/et_pb_image][et_pb_text admin_label=\u00a0\u00bbText\u00a0\u00bb module_class=\u00a0\u00bbtick-bullets\u00a0\u00bb _builder_version=\u00a0\u00bb4.25.1&Prime; header_2_text_align=\u00a0\u00bbcenter\u00a0\u00bb background_size=\u00a0\u00bbinitial\u00a0\u00bb background_position=\u00a0\u00bbtop_left\u00a0\u00bb background_repeat=\u00a0\u00bbrepeat\u00a0\u00bb text_orientation=\u00a0\u00bbjustified\u00a0\u00bb custom_padding=\u00a0\u00bb||18px|||\u00a0\u00bb global_colors_info=\u00a0\u00bb{}\u00a0\u00bb]<\/p>\n<h2>Pour qui\u202f?<\/h2>\n<p>Vous \u00eates un <strong>particulier<\/strong> et vous souhaitez utiliser cette m\u00e9thode \u00e0 titre personnel (dans un contexte familial, professionnel ou autre) pour apprendre \u00e0 r\u00e9guler ses \u00e9motions et accompagner celles de ses proches au moment de leurs survenues.<\/p>\n<p>Ou bien<\/p>\n<p>Vous avez le projet d\u2019apprendre \u00e0 utiliser les diff\u00e9rentes techniques propos\u00e9es par EmRes pour un usage <strong>professionnel\u202f<\/strong>:<\/p>\n<ul>\n<li>soit pour les int\u00e9grer dans votre pratique professionnelle existante d\u2019aide \u00e0 la personne\u202f(professionnel\u00b7les de la sant\u00e9, coachs, accompagnant\u00b7es \u00e9ducatifs et social);<\/li>\n<li>soit pour devenir praticien\u00b7e en m\u00e9thode EmRes qualifi\u00e9 et accr\u00e9dit\u00e9 par l\u2019<a href=\"https:\/\/www.institut-sante-emotionnelle.fr\/\">Institut International en Sant\u00e9 \u00c9motionnelle<\/a>.<\/li>\n<\/ul>\n<p>[\/et_pb_text][et_pb_blurb url=\u00a0\u00bbhttp:\/\/Formulaire\u00a0\u00bb use_icon=\u00a0\u00bbon\u00a0\u00bb font_icon=\u00a0\u00bb&#x6c;||divi||400&Prime; icon_color=\u00a0\u00bb#FFFFFF\u00a0\u00bb icon_placement=\u00a0\u00bbleft\u00a0\u00bb image_icon_width=\u00a0\u00bb80px\u00a0\u00bb content_max_width=\u00a0\u00bb100%\u00a0\u00bb icon_placement_tablet=\u00a0\u00bbleft\u00a0\u00bb icon_placement_phone=\u00a0\u00bbtop\u00a0\u00bb icon_placement_last_edited=\u00a0\u00bbon|phone\u00a0\u00bb image_icon_width_tablet=\u00a0\u00bb80px\u00a0\u00bb image_icon_width_phone=\u00a0\u00bb80px\u00a0\u00bb image_icon_width_last_edited=\u00a0\u00bbon|phone\u00a0\u00bb content_max_width_tablet=\u00a0\u00bb100%\u00a0\u00bb content_max_width_phone=\u00a0\u00bb90%\u00a0\u00bb content_max_width_last_edited=\u00a0\u00bbon|phone\u00a0\u00bb _builder_version=\u00a0\u00bb4.25.1&Prime; _module_preset=\u00a0\u00bbdefault\u00a0\u00bb body_text_color=\u00a0\u00bb#FFFFFF\u00a0\u00bb background_color=\u00a0\u00bb#82B000&Prime; text_orientation=\u00a0\u00bbjustified\u00a0\u00bb custom_margin=\u00a0\u00bb|5px||5px|false|true\u00a0\u00bb custom_padding=\u00a0\u00bb20px|20px|20px|20px|true|true\u00a0\u00bb link_option_url=\u00a0\u00bbhttps:\/\/jaune.centrereliance.fr\/sarl\/formulaire-stages-intra-entreprises\/?activity=Analyse%20des%20pratiques%20professionnelles\u00a0\u00bb hover_enabled=\u00a0\u00bb0&Prime; border_radii=\u00a0\u00bbon|20px|20px|20px|20px\u00a0\u00bb global_colors_info=\u00a0\u00bb{}\u00a0\u00bb custom_css_blurb_content_last_edited=\u00a0\u00bbon|phone\u00a0\u00bb custom_css_blurb_content_phone=\u00a0\u00bbmax-width: 100% !important;\u00a0\u00bb sticky_enabled=\u00a0\u00bb0&Prime;]<\/p>\n<p>Si cette action vous int\u00e9resse, nous vous invitons \u00e0 effectuer une demande en utilisant ce <span style=\"color: #ffffff;\"><a href=\"https:\/\/jaune.centrereliance.fr\/sarl\/formulaire-stages-intra-entreprises\/?activity=Se former \u00e0 la m\u00e9thode Emres\" style=\"color: #ffffff;\"><u>formulaire<\/u> <\/a><\/span>ou en nous contactant directement par mail <span style=\"color: #ffffff;\"><strong><a href=\"mailto:contact@centrereliance.fr\" style=\"color: #ffffff;\">contact@centrereliance.fr<\/a><\/strong><\/span>. Apr\u00e8s \u00e9changes sur vos besoins et les conditions de financement, nous vous enverrons un programme d\u00e9taill\u00e9 et une proposition financi\u00e8re<strong>.<\/strong><\/p>\n<p>[\/et_pb_blurb][\/et_pb_column][\/et_pb_row][et_pb_row admin_label=\u00a0\u00bbrow\u00a0\u00bb _builder_version=\u00a0\u00bb4.25.1&Prime; background_size=\u00a0\u00bbinitial\u00a0\u00bb background_position=\u00a0\u00bbtop_left\u00a0\u00bb background_repeat=\u00a0\u00bbrepeat\u00a0\u00bb width=\u00a0\u00bb90%\u00a0\u00bb custom_margin=\u00a0\u00bb||30px||false|false\u00a0\u00bb custom_padding=\u00a0\u00bb10px|10px|10px|10px|true|true\u00a0\u00bb border_radii=\u00a0\u00bbon|15px|15px|15px|15px\u00a0\u00bb border_width_all=\u00a0\u00bb1px\u00a0\u00bb border_color_all=\u00a0\u00bb#82B000&Prime; locked=\u00a0\u00bboff\u00a0\u00bb global_colors_info=\u00a0\u00bb{}\u00a0\u00bb][et_pb_column type=\u00a0\u00bb4_4&Prime; _builder_version=\u00a0\u00bb4.16&Prime; custom_padding=\u00a0\u00bb|||\u00a0\u00bb global_colors_info=\u00a0\u00bb{}\u00a0\u00bb custom_padding__hover=\u00a0\u00bb|||\u00a0\u00bb][et_pb_image src=\u00a0\u00bbhttps:\/\/jaune.centrereliance.fr\/sarl\/wp-content\/uploads\/sites\/3\/2025\/07\/formation-interentreprise.jpg\u00a0\u00bb title_text=\u00a0\u00bbformation-interentreprise\u00a0\u00bb _builder_version=\u00a0\u00bb4.25.1&Prime; _module_preset=\u00a0\u00bbdefault\u00a0\u00bb max_width=\u00a0\u00bb80px\u00a0\u00bb module_alignment=\u00a0\u00bbcenter\u00a0\u00bb custom_margin=\u00a0\u00bb||20px||false|false\u00a0\u00bb global_colors_info=\u00a0\u00bb{}\u00a0\u00bb][\/et_pb_image][et_pb_text admin_label=\u00a0\u00bbText\u00a0\u00bb module_class=\u00a0\u00bbtick-bullets\u00a0\u00bb _builder_version=\u00a0\u00bb4.25.1&Prime; header_2_text_align=\u00a0\u00bbcenter\u00a0\u00bb background_size=\u00a0\u00bbinitial\u00a0\u00bb background_position=\u00a0\u00bbtop_left\u00a0\u00bb background_repeat=\u00a0\u00bbrepeat\u00a0\u00bb text_orientation=\u00a0\u00bbjustified\u00a0\u00bb custom_padding=\u00a0\u00bb||18px|||\u00a0\u00bb global_colors_info=\u00a0\u00bb{}\u00a0\u00bb]<\/p>\n<h2><span data-contrast=\"none\" xml:lang=\"FR-FR\" lang=\"FR-FR\" class=\"TextRun SCXW153733931 BCX0\"><span class=\"NormalTextRun SCXW153733931 BCX0\">actions propos\u00e9es\u202fen inter<\/span><\/span><\/h2>\n<p>[\/et_pb_text][et_pb_blurb use_icon=\u00a0\u00bbon\u00a0\u00bb font_icon=\u00a0\u00bb&#xe007;||divi||400&Prime; icon_placement=\u00a0\u00bbleft\u00a0\u00bb image_icon_width=\u00a0\u00bb50px\u00a0\u00bb content_max_width=\u00a0\u00bb70%\u00a0\u00bb _builder_version=\u00a0\u00bb4.25.1&Prime; _module_preset=\u00a0\u00bbdefault\u00a0\u00bb text_orientation=\u00a0\u00bbjustified\u00a0\u00bb global_colors_info=\u00a0\u00bb{}\u00a0\u00bb]<\/p>\n<p><span data-contrast=\"auto\">Nous proposons toutes les formations suivantes dans le cadre de la formation professionnelle. Reliance est un organisme certifi\u00e9 Qualiopi au titre de la cat\u00e9gorie ACTIONS DE FORMATION (<a href=\"https:\/\/centrereliance.fr\/sarl\/wp-content\/uploads\/sites\/3\/2023\/06\/Certificat-QUALIOPI-Reliance-SARL.pdf\" target=\"_blank\" rel=\"noopener\">Voir le certificat<\/a><u>)<\/u>. Si vous vous inscrivez au nom d\u2019une personne morale, l\u2019action que vous avez choisie S\u2019il en accepte la prise en charge, cette action pourrait \u00eatre financ\u00e9e par votre Op\u00e9rateur de Comp\u00e9tence (<a href=\"https:\/\/travail-emploi.gouv.fr\/les-operateurs-de-competences-opco#anchor-navigation-776\" target=\"_blank\" rel=\"noopener\">Voir le r\u00f4le et la liste des OPCO<\/a>). <\/span><span data-ccp-props=\"{}\">\u00a0<\/span><\/p>\n<p>[\/et_pb_blurb][et_pb_text admin_label=\u00a0\u00bbText\u00a0\u00bb module_class=\u00a0\u00bbtick-bullets\u00a0\u00bb _builder_version=\u00a0\u00bb4.25.1&Prime; header_2_text_align=\u00a0\u00bbcenter\u00a0\u00bb header_3_font_size=\u00a0\u00bb30px\u00a0\u00bb background_size=\u00a0\u00bbinitial\u00a0\u00bb background_position=\u00a0\u00bbtop_left\u00a0\u00bb background_repeat=\u00a0\u00bbrepeat\u00a0\u00bb text_orientation=\u00a0\u00bbjustified\u00a0\u00bb custom_padding=\u00a0\u00bb||18px|||\u00a0\u00bb global_colors_info=\u00a0\u00bb{}\u00a0\u00bb]<\/p>\n<p style=\"text-align: center;\"><strong><span style=\"text-decoration: underline; color: #82b000;\"><span style=\"color: #82b000;\">____________<\/span><\/span><\/strong><\/p>\n<p style=\"text-align: center;\"><strong><span style=\"text-decoration: underline; color: #82b000;\"><span style=\"color: #82b000;\"><\/span><\/span><\/strong><\/p>\n<p style=\"text-align: center;\"><strong><span style=\"text-decoration: underline; color: #82b000;\"><span style=\"color: #82b000;\"><\/span><\/span><\/strong><\/p>\n<h3 style=\"text-align: center;\"><strong><span style=\"text-decoration: underline; color: #82b000;\">Pour tout public<\/span>\u202f:<\/strong><\/h3>\n<ul>\n<li><strong>EmRes Pro Niveau 1<\/strong> : acqu\u00e9rir les bases pour pratiquer la m\u00e9thode EmRes pour soi ou pour accompagner occasionnellement un proche (3 journ\u00e9es de 7h et 1 session de supervision de 2,5h, soit 23h).<\/li>\n<\/ul>\n<p style=\"text-align: center;\"><span style=\"color: #82b000;\">____________<\/span><\/p>\n<p style=\"text-align: center;\"><span style=\"color: #82b000;\"><\/span><\/p>\n<h3 style=\"text-align: center;\"><span style=\"text-decoration: underline;\"><span style=\"color: #82b000; text-decoration: underline;\"><strong>Pour les professionnel\u00b7es de la relation d\u2019aide ou personnes d\u00e9sireuses de devenir praticien\u00b7ne accr\u00e9dit\u00e9\u00b7e<\/strong>\u202f<\/span><\/span>:<\/h3>\n<ul>\n<li><strong>EmRes Pro Niveau 2<\/strong> : se perfectionner dans cette pratique pour un usage professionnel et \u00e9ventuellement s\u2019engager vers une accr\u00e9ditation pour figurer au registre des praticien\u00b7nes professionnel\u00b7les EmRes de l\u2019<a href=\"https:\/\/www.institut-sante-emotionnelle.fr\/\">Institut International en Sant\u00e9 Emotionnelle<\/a> (2 journ\u00e9es de 7h et 1 session de supervision de 2,5h, soit 16h)<\/li>\n<li><strong>EmRes Pro Module 3 de sp\u00e9cialisation<\/strong> : acqu\u00e9rir des comp\u00e9tences compl\u00e9mentaires pour pratiquer la m\u00e9thode EmRes enrichie d\u2019hypnose conversationnelle (2 journ\u00e9es de 7h et 1 session de supervision de 2,5h, soit 16h)<\/li>\n<li><strong>EmRes int\u00e9gr\u00e9 \u00e0 l\u2019hypnose r\u00e9gression en \u00e2ge<\/strong> : apprendre \u00e0 utiliser diverses techniques de r\u00e9gression en \u00e2ge permettant d\u2019explorer les \u00e9v\u00e9nements du pass\u00e9 pour les personnes d\u00e9sireuses d\u2019apaisement \u00e9motionnel (1 journ\u00e9e de 7h)<\/li>\n<li><strong>Supervision<\/strong> : actualiser et renforcer les comp\u00e9tences acquises lors des formations (1 journ\u00e9e de 7h)<\/li>\n<\/ul>\n<p>&nbsp;<\/p>\n<p>Nous vous invitons \u00e0 consulter la\u202f<strong>fiche programme<\/strong>\u202fde chaque formation pour prendre connaissance des d\u00e9tails de son d\u00e9roulement.<\/p>\n<p>[\/et_pb_text][\/et_pb_column][\/et_pb_row][et_pb_row admin_label=\u00a0\u00bbrow\u00a0\u00bb _builder_version=\u00a0\u00bb4.25.1&Prime; background_size=\u00a0\u00bbinitial\u00a0\u00bb background_position=\u00a0\u00bbtop_left\u00a0\u00bb background_repeat=\u00a0\u00bbrepeat\u00a0\u00bb width=\u00a0\u00bb90%\u00a0\u00bb custom_margin=\u00a0\u00bb||30px||false|false\u00a0\u00bb custom_padding=\u00a0\u00bb10px|10px|10px|10px|true|true\u00a0\u00bb border_radii=\u00a0\u00bbon|15px|15px|15px|15px\u00a0\u00bb border_width_all=\u00a0\u00bb1px\u00a0\u00bb border_color_all=\u00a0\u00bb#82B000&Prime; locked=\u00a0\u00bboff\u00a0\u00bb global_colors_info=\u00a0\u00bb{}\u00a0\u00bb][et_pb_column type=\u00a0\u00bb4_4&Prime; _builder_version=\u00a0\u00bb4.16&Prime; custom_padding=\u00a0\u00bb|||\u00a0\u00bb global_colors_info=\u00a0\u00bb{}\u00a0\u00bb custom_padding__hover=\u00a0\u00bb|||\u00a0\u00bb][et_pb_image src=\u00a0\u00bbhttps:\/\/jaune.centrereliance.fr\/sarl\/wp-content\/uploads\/sites\/3\/2025\/07\/actions-programmees.jpg\u00a0\u00bb title_text=\u00a0\u00bbactions-programmees\u00a0\u00bb _builder_version=\u00a0\u00bb4.25.1&Prime; _module_preset=\u00a0\u00bbdefault\u00a0\u00bb max_width=\u00a0\u00bb80px\u00a0\u00bb module_alignment=\u00a0\u00bbcenter\u00a0\u00bb custom_margin=\u00a0\u00bb||20px||false|false\u00a0\u00bb global_colors_info=\u00a0\u00bb{}\u00a0\u00bb][\/et_pb_image][et_pb_text admin_label=\u00a0\u00bbText\u00a0\u00bb module_class=\u00a0\u00bbtick-bullets\u00a0\u00bb _builder_version=\u00a0\u00bb4.25.1&Prime; header_2_text_align=\u00a0\u00bbcenter\u00a0\u00bb background_size=\u00a0\u00bbinitial\u00a0\u00bb background_position=\u00a0\u00bbtop_left\u00a0\u00bb background_repeat=\u00a0\u00bbrepeat\u00a0\u00bb text_orientation=\u00a0\u00bbjustified\u00a0\u00bb custom_padding=\u00a0\u00bb||18px|||\u00a0\u00bb global_colors_info=\u00a0\u00bb{}\u00a0\u00bb]<\/p>\n<h2>Actions programm\u00e9es<\/h2>\n<p>[\/et_pb_text][et_pb_shop type=\u00a0\u00bbproduct_category\u00a0\u00bb include_categories=\u00a0\u00bb19&Prime; columns_number=\u00a0\u00bb1&Prime; orderby=\u00a0\u00bbmenu_order\u00a0\u00bb _builder_version=\u00a0\u00bb4.22.1&Prime; _module_preset=\u00a0\u00bbdefault\u00a0\u00bb locked=\u00a0\u00bboff\u00a0\u00bb global_colors_info=\u00a0\u00bb{}\u00a0\u00bb][\/et_pb_shop][\/et_pb_column][\/et_pb_row][et_pb_row admin_label=\u00a0\u00bbrow\u00a0\u00bb _builder_version=\u00a0\u00bb4.25.1&Prime; background_size=\u00a0\u00bbinitial\u00a0\u00bb background_position=\u00a0\u00bbtop_left\u00a0\u00bb background_repeat=\u00a0\u00bbrepeat\u00a0\u00bb width=\u00a0\u00bb90%\u00a0\u00bb custom_margin=\u00a0\u00bb||30px||false|false\u00a0\u00bb custom_padding=\u00a0\u00bb10px|10px|10px|10px|true|true\u00a0\u00bb border_radii=\u00a0\u00bbon|15px|15px|15px|15px\u00a0\u00bb border_width_all=\u00a0\u00bb1px\u00a0\u00bb border_color_all=\u00a0\u00bb#82B000&Prime; locked=\u00a0\u00bboff\u00a0\u00bb global_colors_info=\u00a0\u00bb{}\u00a0\u00bb][et_pb_column type=\u00a0\u00bb4_4&Prime; _builder_version=\u00a0\u00bb4.16&Prime; custom_padding=\u00a0\u00bb|||\u00a0\u00bb global_colors_info=\u00a0\u00bb{}\u00a0\u00bb custom_padding__hover=\u00a0\u00bb|||\u00a0\u00bb][et_pb_image src=\u00a0\u00bbhttps:\/\/jaune.centrereliance.fr\/sarl\/wp-content\/uploads\/sites\/3\/2024\/11\/modalites-formation.jpg\u00a0\u00bb title_text=\u00a0\u00bbmodalites-formation\u00a0\u00bb _builder_version=\u00a0\u00bb4.25.1&Prime; _module_preset=\u00a0\u00bbdefault\u00a0\u00bb max_width=\u00a0\u00bb80px\u00a0\u00bb module_alignment=\u00a0\u00bbcenter\u00a0\u00bb custom_margin=\u00a0\u00bb||20px||false|false\u00a0\u00bb global_colors_info=\u00a0\u00bb{}\u00a0\u00bb][\/et_pb_image][et_pb_text admin_label=\u00a0\u00bbText\u00a0\u00bb module_class=\u00a0\u00bbtick-bullets\u00a0\u00bb _builder_version=\u00a0\u00bb4.25.1&Prime; header_2_text_align=\u00a0\u00bbcenter\u00a0\u00bb background_size=\u00a0\u00bbinitial\u00a0\u00bb background_position=\u00a0\u00bbtop_left\u00a0\u00bb background_repeat=\u00a0\u00bbrepeat\u00a0\u00bb text_orientation=\u00a0\u00bbjustified\u00a0\u00bb custom_padding=\u00a0\u00bb||18px|||\u00a0\u00bb global_colors_info=\u00a0\u00bb{}\u00a0\u00bb]<\/p>\n<h2>Quelles sont les modalit\u00e9s d&rsquo;inscription\u202f?<\/h2>\n<p>Pour demander votre inscription \u00e0 une action de formation \u00e0 la r\u00e9solution des \u00e9motions avec la m\u00e9thode EmRes, il suffit de cliquer sur \u00ab\u202fFaire une demande d\u2019inscription\u202f\u00bb situ\u00e9 \u00e0 proximit\u00e9 de sa description. Puis laissez-vous guider par les questions du formulaire. Elles vous permettront de nous faire part de vos questions et besoins particuliers \u00e0 propos de cette action.<\/p>\n<p>La demande doit \u00eatre remplie au plus tard\u202f <strong>5 jours ouvr\u00e9s<\/strong>\u202f avant le d\u00e9but de la session. <strong>Les\u202fdocuments demand\u00e9s pour valider les pr\u00e9requis<\/strong>\u202f(voir programme d\u00e9taill\u00e9) peuvent \u00eatre joints au formulaire ou envoy\u00e9s par mail \u00e0 \u202f<a href=\"mailto:contact@centrereliance.fr\">contact@centrereliance.fr<\/a>.<\/p>\n<p>D\u00e8s que votre demande est accept\u00e9e,\u202fvous recevez un contrat de formation \u00e0\u202fsigner\u202fen ligne\u202fau plus tard dans les 72h (avec mise en place du r\u00e8glement par pr\u00e9l\u00e8vement). Au-del\u00e0 de ce d\u00e9lai votre demande est annul\u00e9e. <br \/>Votre inscription \u00e0 une session est effective \u00e0 r\u00e9ception du contrat sign\u00e9 sous r\u00e9serve de place encore disponible \u00e0 ce moment-l\u00e0.<\/p>\n<p><strong>Attention\u202f<\/strong>: la demande de prise en charge par <strong>un\u202fOPCO\u202f<\/strong> peut n\u00e9cessiter la constitution d\u2019un dossier plusieurs semaines avant le d\u00e9but de la session. Il convient donc d\u2019entamer les d\u00e9marches suffisamment t\u00f4t et\u202fde <strong>nous l\u2019indiquer au moment de votre demande d\u2019inscription<\/strong>.<\/p>\n<p><strong>L\u2019accord de prise en charge par un OPCO doit nous \u00eatre fourni au plus tard 5 jours ouvr\u00e9s avant le d\u00e9but de la session.\u00a0<\/strong>Si vous ne l\u2019avez pas re\u00e7u \u00e0 cette date, il vous sera bien s\u00fbr possible de vous inscrire \u00e0 titre personnel.<\/p>\n<p><a href=\"https:\/\/jaune.centrereliance.fr\/sarl\/conditions-generales-de-vente\/\">Voir les\u202fconditions g\u00e9n\u00e9rales de vente\u202fpour les d\u00e9tails.<\/a><\/p>\n<p>[\/et_pb_text][\/et_pb_column][\/et_pb_row][et_pb_row admin_label=\u00a0\u00bbrow\u00a0\u00bb _builder_version=\u00a0\u00bb4.25.1&Prime; background_size=\u00a0\u00bbinitial\u00a0\u00bb background_position=\u00a0\u00bbtop_left\u00a0\u00bb background_repeat=\u00a0\u00bbrepeat\u00a0\u00bb width=\u00a0\u00bb90%\u00a0\u00bb custom_margin=\u00a0\u00bb||30px||false|false\u00a0\u00bb custom_padding=\u00a0\u00bb10px|10px|10px|10px|true|true\u00a0\u00bb border_radii=\u00a0\u00bbon|15px|15px|15px|15px\u00a0\u00bb border_width_all=\u00a0\u00bb1px\u00a0\u00bb border_color_all=\u00a0\u00bb#82B000&Prime; locked=\u00a0\u00bboff\u00a0\u00bb global_colors_info=\u00a0\u00bb{}\u00a0\u00bb][et_pb_column type=\u00a0\u00bb4_4&Prime; _builder_version=\u00a0\u00bb4.16&Prime; custom_padding=\u00a0\u00bb|||\u00a0\u00bb global_colors_info=\u00a0\u00bb{}\u00a0\u00bb custom_padding__hover=\u00a0\u00bb|||\u00a0\u00bb][et_pb_image src=\u00a0\u00bbhttps:\/\/jaune.centrereliance.fr\/sarl\/wp-content\/uploads\/sites\/3\/2024\/11\/accessibilite-formation.jpg\u00a0\u00bb title_text=\u00a0\u00bbaccessibilite-formation\u00a0\u00bb _builder_version=\u00a0\u00bb4.25.1&Prime; _module_preset=\u00a0\u00bbdefault\u00a0\u00bb max_width=\u00a0\u00bb80px\u00a0\u00bb module_alignment=\u00a0\u00bbcenter\u00a0\u00bb custom_margin=\u00a0\u00bb||20px||false|false\u00a0\u00bb global_colors_info=\u00a0\u00bb{}\u00a0\u00bb][\/et_pb_image][et_pb_text admin_label=\u00a0\u00bbText\u00a0\u00bb module_class=\u00a0\u00bbtick-bullets\u00a0\u00bb _builder_version=\u00a0\u00bb4.25.1&Prime; header_2_text_align=\u00a0\u00bbcenter\u00a0\u00bb background_size=\u00a0\u00bbinitial\u00a0\u00bb background_position=\u00a0\u00bbtop_left\u00a0\u00bb background_repeat=\u00a0\u00bbrepeat\u00a0\u00bb text_orientation=\u00a0\u00bbjustified\u00a0\u00bb custom_padding=\u00a0\u00bb||18px|||\u00a0\u00bb global_colors_info=\u00a0\u00bb{}\u00a0\u00bb]<\/p>\n<h2>Accessibilit\u00e9<\/h2>\n<p>La soci\u00e9t\u00e9 Reliance se montre attentive aux sp\u00e9cificit\u00e9s des b\u00e9n\u00e9ficiaires afin d\u2019adapter supports, locaux et animation pour garantir l\u2019accessibilit\u00e9 des prestations en prenant en compte tout handicap. Si des b\u00e9n\u00e9ficiaires de cette action sont en situation de handicap, il y aura lieu de se rapprocher de l\u2019intervenant\u00b7e ou de la r\u00e9f\u00e9rente handicap pour conna\u00eetre les modes d\u2019accessibilit\u00e9 de l\u2019action. Dans le cas o\u00f9 une solution d\u2019adaptation ne pourrait pas \u00eatre possible au sein de Reliance, une r\u00e9orientation sera propos\u00e9e ou l\u2019intervention d\u2019un\u00b7e prestataire externe sera alors sollicit\u00e9e.<\/p>\n<p>[\/et_pb_text][\/et_pb_column][\/et_pb_row][et_pb_row admin_label=\u00a0\u00bbrow\u00a0\u00bb _builder_version=\u00a0\u00bb4.25.1&Prime; background_size=\u00a0\u00bbinitial\u00a0\u00bb background_position=\u00a0\u00bbtop_left\u00a0\u00bb background_repeat=\u00a0\u00bbrepeat\u00a0\u00bb width=\u00a0\u00bb90%\u00a0\u00bb custom_margin=\u00a0\u00bb||30px||false|false\u00a0\u00bb custom_padding=\u00a0\u00bb10px|10px|10px|10px|true|true\u00a0\u00bb border_radii=\u00a0\u00bbon|15px|15px|15px|15px\u00a0\u00bb border_width_all=\u00a0\u00bb1px\u00a0\u00bb border_color_all=\u00a0\u00bb#82B000&Prime; locked=\u00a0\u00bboff\u00a0\u00bb global_colors_info=\u00a0\u00bb{}\u00a0\u00bb][et_pb_column type=\u00a0\u00bb4_4&Prime; _builder_version=\u00a0\u00bb4.16&Prime; custom_padding=\u00a0\u00bb|||\u00a0\u00bb global_colors_info=\u00a0\u00bb{}\u00a0\u00bb custom_padding__hover=\u00a0\u00bb|||\u00a0\u00bb][et_pb_image src=\u00a0\u00bbhttps:\/\/jaune.centrereliance.fr\/sarl\/wp-content\/uploads\/sites\/3\/2024\/11\/avis-formation.jpg\u00a0\u00bb title_text=\u00a0\u00bbavis-formation\u00a0\u00bb _builder_version=\u00a0\u00bb4.25.1&Prime; _module_preset=\u00a0\u00bbdefault\u00a0\u00bb max_width=\u00a0\u00bb80px\u00a0\u00bb module_alignment=\u00a0\u00bbcenter\u00a0\u00bb custom_margin=\u00a0\u00bb||20px||false|false\u00a0\u00bb global_colors_info=\u00a0\u00bb{}\u00a0\u00bb][\/et_pb_image][et_pb_text admin_label=\u00a0\u00bbText\u00a0\u00bb module_class=\u00a0\u00bbtick-bullets\u00a0\u00bb _builder_version=\u00a0\u00bb4.25.1&Prime; header_2_text_align=\u00a0\u00bbcenter\u00a0\u00bb background_size=\u00a0\u00bbinitial\u00a0\u00bb background_position=\u00a0\u00bbtop_left\u00a0\u00bb background_repeat=\u00a0\u00bbrepeat\u00a0\u00bb text_orientation=\u00a0\u00bbjustified\u00a0\u00bb custom_padding=\u00a0\u00bb||18px|||\u00a0\u00bb global_colors_info=\u00a0\u00bb{}\u00a0\u00bb]<\/p>\n<h2>Qu\u2019en ont dit les participant\u00b7es, au cours des 12 derniers mois ?<\/h2>\n<ul style=\"line-height: 35px;\">\n<li>98 % des stagiaires qui se sont exprim\u00e9\u00b7es ont d\u00e9clar\u00e9 la formation \u00e0 la m\u00e9thode EmRes utile pour am\u00e9liorer leur pratique professionnelle<\/li>\n<li>100 % des stagiaires qui se sont exprim\u00e9\u00b7es ont \u00e9t\u00e9 satisfait\u00b7es de l\u2019animation<\/li>\n<li>100 % des stagiaires qui se sont exprim\u00e9\u00b7es se sont dits dispos\u00e9\u00b7es \u00e0 recommander la formation \u00e0 la m\u00e9thode EmRes<\/li>\n<\/ul>\n<p>[\/et_pb_text][et_pb_comments _builder_version=\u00a0\u00bb4.25.1&Prime; _module_preset=\u00a0\u00bbdefault\u00a0\u00bb custom_padding=\u00a0\u00bb||0px|||\u00a0\u00bb global_colors_info=\u00a0\u00bb{}\u00a0\u00bb][\/et_pb_comments][\/et_pb_column][\/et_pb_row][\/et_pb_section]<\/p>\n","protected":false},"excerpt":{"rendered":"<p>Pourquoi se former \u00e0 la\u00a0m\u00e9thode EmRes\u202f? EmRes est une m\u00e9thode pour r\u00e9guler ses \u00e9motions qui utilise la voie sensorielle comme moyen d&rsquo;apaisement \u00e9motionnel. Cette approche sensorimotrice\u202fpermet d&rsquo;accueillir l&rsquo;exp\u00e9rience \u00e9motionnelle de mani\u00e8re s\u00e9cure m\u00eame \u202fquand elle est d\u00e9sagr\u00e9able (peurs, col\u00e8res, d\u00e9go\u00fbts, tristesse). Elle aide en effet \u00e0 la transformer en exp\u00e9rience apaisante et correctrice.\u00a0\u00a0 Se former [&hellip;]<\/p>\n","protected":false},"author":1,"featured_media":0,"parent":0,"menu_order":0,"comment_status":"open","ping_status":"closed","template":"","meta":{"_et_pb_use_builder":"on","_et_pb_old_content":"<div class=\"encart-comment\">\n<div class=\"title\">Commentaires des participants<\/div>\n<div class=\"encart-comment-btn\"><a class=\"btn btn-success btn-comment\" href=\"#comments\">\u00e0 lire<\/a><a class=\"btn btn-primary  btn-comment\" href=\"#commentform\">\u00e0 \u00e9crire<\/a><\/div>\n<\/div>\n<h4>Au cours des 6 derniers mois de formations EmRes...<\/h4>\n<ul>\n<li>95 % des stagiaires ont d\u00e9clar\u00e9 les formations EmRes <strong>utiles<\/strong> pour leur pratique<\/li>\n<li>100 % des stagiaires ont \u00e9t\u00e9 satisfaits de la <strong>qualit\u00e9 d'animation<\/strong><\/li>\n<li>100 %&nbsp; des stagiaires \u00e9taient dispos\u00e9s \u00e0 <strong>recommander<\/strong> ces formations EmRes&nbsp;<\/li>\n<\/ul>\n<h4>Qu'est-ce que la R\u00e9solution Emotionnelle ?<\/h4>\n<p><strong>EmRes<\/strong> est une m\u00e9thode simple qui permet l\u2019\u00e9vacuation des \u00ab blocages \u00bb \u00e9motionnels, qu\u2019ils soient r\u00e9cents voire actuels, ou plus anciens et alors plus ou moins cach\u00e9s et exprim\u00e9s de diverses fa\u00e7ons : troubles anxieux, phobies, d\u00e9pression, troubles du comportement et dans les relations, addictions, troubles psychosomatiques.<\/p>\n<p>Pr\u00e9sentation de la <a href=\"https:\/\/www.institut-sante-emotionnelle.fr\/emres\">r\u00e9solution \u00e9motionnelle<\/a><\/p>\n<h4>Pour qui ?<\/h4>\n<p>Toute personne souhaitant apprendre \u00e0 <strong>g\u00e9rer ses \u00e9motions<\/strong> et\/ou <strong>aider les autres \u00e0 se lib\u00e9rer de leurs difficult\u00e9s \u00e9motionnelles et comportementales<\/strong>, notamment phobies, angoisses, inhibitions, d\u00e9prime, g\u00eane ou mal-\u00eatre dans certaines situations banales et les troubles psychosomatiques.&nbsp;<\/p>\n<h4>Formations propos\u00e9es<\/h4>\n<ul>\n<li><strong>EmRes Pro Niveau 1<\/strong> : acqu\u00e9rir les bases pour pratiquer la m\u00e9thode EmRes pour soi ou pour accompagner quelqu'un&nbsp;<\/li>\n<li><strong>EmRes Pro Niveau 2<\/strong> : se perfectionner dans cette pratique et \u00e9ventuellement s'engager vers une certification pour figurer au registre des praticien\u00b7nes professionnel\u00b7les EmRes de l\u2019<a href=\"https:\/\/www.institut-sante-emotionnelle.fr\/\">Institut International en Sant\u00e9 Emotionnelle<\/a><\/li>\n<li><strong>EmRes Pro TPS<\/strong> : ma\u00eetriser les savoir-faire et savoir-\u00eatre n\u00e9cessaires \u00e0 la prise en charge des troubles psychosomatiques (TPS)<\/li>\n<li><strong>Supervisions<\/strong> : actualiser et renforcer les comp\u00e9tences acquises lors des formations<\/li>\n<\/ul>\n<p>Nous vous invitons \u00e0 consulter la <strong>fiche programme<\/strong> de chaque formation pour prendre connaissance des d\u00e9tails de son d\u00e9roulement.<\/p>\n<h4>Tarifs<\/h4>\n<p>Les tarifs indiqu\u00e9s s'appliquent en cas de prise en charge personnelle.<\/p>\n<p>Les&nbsp; tarifs appliqu\u00e9s en cas de prise en charge par un organisme (OPCO, employeur, association) sont indiqu\u00e9s&nbsp; dans&nbsp; la fiche de pr\u00e9sentation de chaque formation.<\/p>\n<h4>Modalit\u00e9s d'inscription<\/h4>\n<p>Pour demander votre inscription \u00e0 une formation EmRes, veuillez cliquer sur le champ <span style=\"color: #0554b5\">Faire une demande d'inscription<\/span>. Vous pourrez nous faire part de vos questions et besoins particuliers \u00e0 propos de cette formation. La demande doit \u00eatre remplie au plus tard <strong>5 jours ouvr\u00e9s<\/strong>&nbsp;avant le d\u00e9but de la session. Les&nbsp;<strong>documents demand\u00e9s pour valider les pr\u00e9requis<\/strong> (voir programme d\u00e9taill\u00e9) pourront \u00eatre joints au formulaire ou envoy\u00e9s par mail \u00e0 <strong>Sophie Baron<\/strong>,&nbsp;<span style=\"color: #0554b5\"><a style=\"color: #0554b5\" href=\"mailto:contact@centrereliance.fr\">contact@centrereliance.fr<\/a><\/span><\/p>\n<p><strong>Si votre demande est accept\u00e9e, vous recevez un <span style=\"color: #3366ff\">contrat de formation \u00e0 signer en ligne<\/span> au plus tard dans les 72h (avec mise en place du r\u00e8glement par pr\u00e9l\u00e8vement). <\/strong><strong>Au-del\u00e0 de ce d\u00e9lai votre demande est annul\u00e9e. Votre inscription \u00e0 une session est effective \u00e0 r\u00e9ception du contrat sign\u00e9 sous r\u00e9serve de place encore disponible&nbsp; \u00e0 ce moment-l\u00e0.<\/strong><\/p>\n<p><strong>Attention<\/strong>&nbsp;: la demande de prise en charge par un&nbsp;<strong>OPCO<\/strong>&nbsp;peut n\u00e9cessiter la constitution d\u2019un dossier plusieurs semaines avant le d\u00e9but de la session. Il convient donc d\u2019entamer les d\u00e9marches suffisamment t\u00f4t et&nbsp;<strong>de nous l\u2019indiquer au moment de votre demande d\u2019inscription<\/strong>.<\/p>\n<p><strong>L\u2019accord de prise en charge par un OPCO doit nous \u00eatre fourni au plus tard 5 jours ouvr\u00e9s avant le d\u00e9but de la session<\/strong>.<\/p>\n<p>Si vous ne l\u2019avez pas re\u00e7u \u00e0 cette date, il vous sera bien s\u00fbr possible de vous inscrire \u00e0 titre personnel.<\/p>\n<p>Voir les <a href=\"https:\/\/centrereliance.fr\/sarl\/conditions-generales-de-vente\/\">conditions g\u00e9n\u00e9rales de vente<\/a> pour les d\u00e9tails<\/p>\n<\/p>\n<p>[product_category category=\"praticien-tipi\" columns=\"1\"]<\/p>\n\n<!-- wp:paragraph -->\n<p><\/p>\n<!-- \/wp:paragraph -->","_et_gb_content_width":"","footnotes":""},"class_list":["post-1448","page","type-page","status-publish","hentry"],"yoast_head":"<!-- This site is optimized with the Yoast SEO plugin v25.7 - https:\/\/yoast.com\/wordpress\/plugins\/seo\/ -->\n<title>R\u00e9guler ses \u00e9motions : se former \u00e0 la m\u00e9thode Emres - Placer l\u2019humain au c\u0153ur des organisations<\/title>\n<meta name=\"description\" content=\"Se former pour devenir praticien Emres c&#039;est apprendre \u00e0 r\u00e9guler ses \u00e9motions afin d&#039;aider des personnes cherchant une aide professionnelle.\" \/>\n<meta name=\"robots\" content=\"noindex, follow, max-snippet:-1, max-image-preview:large, max-video-preview:-1\" \/>\n<meta property=\"og:locale\" content=\"fr_FR\" \/>\n<meta property=\"og:type\" content=\"article\" \/>\n<meta property=\"og:title\" content=\"R\u00e9guler ses \u00e9motions : se former \u00e0 la m\u00e9thode Emres - Placer l\u2019humain au c\u0153ur des organisations\" \/>\n<meta property=\"og:description\" content=\"Se former pour devenir praticien Emres c&#039;est apprendre \u00e0 r\u00e9guler ses \u00e9motions afin d&#039;aider des personnes cherchant une aide professionnelle.\" \/>\n<meta property=\"og:url\" content=\"https:\/\/jaune.centrereliance.fr\/sarl\/reguler-ses-emotions-formation-emres\/\" \/>\n<meta property=\"og:site_name\" content=\"Placer l\u2019humain au c\u0153ur des organisations\" \/>\n<meta property=\"article:publisher\" content=\"https:\/\/www.facebook.com\/Reliance-Association-318815031580269\/\" \/>\n<meta property=\"article:modified_time\" content=\"2025-07-23T18:00:18+00:00\" \/>\n<meta name=\"twitter:card\" content=\"summary_large_image\" \/>\n<meta name=\"twitter:label1\" content=\"Dur\u00e9e de lecture estim\u00e9e\" \/>\n\t<meta name=\"twitter:data1\" content=\"15 minutes\" \/>\n<script type=\"application\/ld+json\" class=\"yoast-schema-graph\">{\"@context\":\"https:\/\/schema.org\",\"@graph\":[{\"@type\":\"WebPage\",\"@id\":\"https:\/\/jaune.centrereliance.fr\/sarl\/reguler-ses-emotions-formation-emres\/\",\"url\":\"https:\/\/jaune.centrereliance.fr\/sarl\/reguler-ses-emotions-formation-emres\/\",\"name\":\"R\u00e9guler ses \u00e9motions : se former \u00e0 la m\u00e9thode Emres - Placer l\u2019humain au c\u0153ur des organisations\",\"isPartOf\":{\"@id\":\"https:\/\/jaune.centrereliance.fr\/sarl\/#website\"},\"datePublished\":\"2017-09-13T23:29:39+00:00\",\"dateModified\":\"2025-07-23T18:00:18+00:00\",\"description\":\"Se former pour devenir praticien Emres c'est apprendre \u00e0 r\u00e9guler ses \u00e9motions afin d'aider des personnes cherchant une aide professionnelle.\",\"breadcrumb\":{\"@id\":\"https:\/\/jaune.centrereliance.fr\/sarl\/reguler-ses-emotions-formation-emres\/#breadcrumb\"},\"inLanguage\":\"fr-FR\",\"potentialAction\":[{\"@type\":\"ReadAction\",\"target\":[\"https:\/\/jaune.centrereliance.fr\/sarl\/reguler-ses-emotions-formation-emres\/\"]}]},{\"@type\":\"BreadcrumbList\",\"@id\":\"https:\/\/jaune.centrereliance.fr\/sarl\/reguler-ses-emotions-formation-emres\/#breadcrumb\",\"itemListElement\":[{\"@type\":\"ListItem\",\"position\":1,\"name\":\"Accueil\",\"item\":\"https:\/\/jaune.centrereliance.fr\/sarl\/\"},{\"@type\":\"ListItem\",\"position\":2,\"name\":\"R\u00e9guler ses \u00e9motions : se former \u00e0 la m\u00e9thode Emres\"}]},{\"@type\":\"WebSite\",\"@id\":\"https:\/\/jaune.centrereliance.fr\/sarl\/#website\",\"url\":\"https:\/\/jaune.centrereliance.fr\/sarl\/\",\"name\":\"Placer l\u2019humain au c\u0153ur des organisations\",\"description\":\"Nos actions \u00e0 destination des professionnels\",\"publisher\":{\"@id\":\"https:\/\/jaune.centrereliance.fr\/sarl\/#organization\"},\"potentialAction\":[{\"@type\":\"SearchAction\",\"target\":{\"@type\":\"EntryPoint\",\"urlTemplate\":\"https:\/\/jaune.centrereliance.fr\/sarl\/?s={search_term_string}\"},\"query-input\":{\"@type\":\"PropertyValueSpecification\",\"valueRequired\":true,\"valueName\":\"search_term_string\"}}],\"inLanguage\":\"fr-FR\"},{\"@type\":\"Organization\",\"@id\":\"https:\/\/jaune.centrereliance.fr\/sarl\/#organization\",\"name\":\"Reliance SARL\",\"url\":\"https:\/\/jaune.centrereliance.fr\/sarl\/\",\"logo\":{\"@type\":\"ImageObject\",\"inLanguage\":\"fr-FR\",\"@id\":\"https:\/\/jaune.centrereliance.fr\/sarl\/#\/schema\/logo\/image\/\",\"url\":\"https:\/\/jaune.centrereliance.fr\/sarl\/wp-content\/uploads\/sites\/3\/2016\/10\/Logo-SARL-e1476290643249.jpg\",\"contentUrl\":\"https:\/\/jaune.centrereliance.fr\/sarl\/wp-content\/uploads\/sites\/3\/2016\/10\/Logo-SARL-e1476290643249.jpg\",\"width\":101,\"height\":110,\"caption\":\"Reliance SARL\"},\"image\":{\"@id\":\"https:\/\/jaune.centrereliance.fr\/sarl\/#\/schema\/logo\/image\/\"},\"sameAs\":[\"https:\/\/www.facebook.com\/Reliance-Association-318815031580269\/\",\"https:\/\/www.linkedin.com\/company-beta\/16261855\"]}]}<\/script>\n<!-- \/ Yoast SEO plugin. -->","yoast_head_json":{"title":"R\u00e9guler ses \u00e9motions : se former \u00e0 la m\u00e9thode Emres - Placer l\u2019humain au c\u0153ur des organisations","description":"Se former pour devenir praticien Emres c'est apprendre \u00e0 r\u00e9guler ses \u00e9motions afin d'aider des personnes cherchant une aide professionnelle.","robots":{"index":"noindex","follow":"follow","max-snippet":"max-snippet:-1","max-image-preview":"max-image-preview:large","max-video-preview":"max-video-preview:-1"},"og_locale":"fr_FR","og_type":"article","og_title":"R\u00e9guler ses \u00e9motions : se former \u00e0 la m\u00e9thode Emres - Placer l\u2019humain au c\u0153ur des organisations","og_description":"Se former pour devenir praticien Emres c'est apprendre \u00e0 r\u00e9guler ses \u00e9motions afin d'aider des personnes cherchant une aide professionnelle.","og_url":"https:\/\/jaune.centrereliance.fr\/sarl\/reguler-ses-emotions-formation-emres\/","og_site_name":"Placer l\u2019humain au c\u0153ur des organisations","article_publisher":"https:\/\/www.facebook.com\/Reliance-Association-318815031580269\/","article_modified_time":"2025-07-23T18:00:18+00:00","twitter_card":"summary_large_image","twitter_misc":{"Dur\u00e9e de lecture estim\u00e9e":"15 minutes"},"schema":{"@context":"https:\/\/schema.org","@graph":[{"@type":"WebPage","@id":"https:\/\/jaune.centrereliance.fr\/sarl\/reguler-ses-emotions-formation-emres\/","url":"https:\/\/jaune.centrereliance.fr\/sarl\/reguler-ses-emotions-formation-emres\/","name":"R\u00e9guler ses \u00e9motions : se former \u00e0 la m\u00e9thode Emres - Placer l\u2019humain au c\u0153ur des organisations","isPartOf":{"@id":"https:\/\/jaune.centrereliance.fr\/sarl\/#website"},"datePublished":"2017-09-13T23:29:39+00:00","dateModified":"2025-07-23T18:00:18+00:00","description":"Se former pour devenir praticien Emres c'est apprendre \u00e0 r\u00e9guler ses \u00e9motions afin d'aider des personnes cherchant une aide professionnelle.","breadcrumb":{"@id":"https:\/\/jaune.centrereliance.fr\/sarl\/reguler-ses-emotions-formation-emres\/#breadcrumb"},"inLanguage":"fr-FR","potentialAction":[{"@type":"ReadAction","target":["https:\/\/jaune.centrereliance.fr\/sarl\/reguler-ses-emotions-formation-emres\/"]}]},{"@type":"BreadcrumbList","@id":"https:\/\/jaune.centrereliance.fr\/sarl\/reguler-ses-emotions-formation-emres\/#breadcrumb","itemListElement":[{"@type":"ListItem","position":1,"name":"Accueil","item":"https:\/\/jaune.centrereliance.fr\/sarl\/"},{"@type":"ListItem","position":2,"name":"R\u00e9guler ses \u00e9motions : se former \u00e0 la m\u00e9thode Emres"}]},{"@type":"WebSite","@id":"https:\/\/jaune.centrereliance.fr\/sarl\/#website","url":"https:\/\/jaune.centrereliance.fr\/sarl\/","name":"Placer l\u2019humain au c\u0153ur des organisations","description":"Nos actions \u00e0 destination des professionnels","publisher":{"@id":"https:\/\/jaune.centrereliance.fr\/sarl\/#organization"},"potentialAction":[{"@type":"SearchAction","target":{"@type":"EntryPoint","urlTemplate":"https:\/\/jaune.centrereliance.fr\/sarl\/?s={search_term_string}"},"query-input":{"@type":"PropertyValueSpecification","valueRequired":true,"valueName":"search_term_string"}}],"inLanguage":"fr-FR"},{"@type":"Organization","@id":"https:\/\/jaune.centrereliance.fr\/sarl\/#organization","name":"Reliance SARL","url":"https:\/\/jaune.centrereliance.fr\/sarl\/","logo":{"@type":"ImageObject","inLanguage":"fr-FR","@id":"https:\/\/jaune.centrereliance.fr\/sarl\/#\/schema\/logo\/image\/","url":"https:\/\/jaune.centrereliance.fr\/sarl\/wp-content\/uploads\/sites\/3\/2016\/10\/Logo-SARL-e1476290643249.jpg","contentUrl":"https:\/\/jaune.centrereliance.fr\/sarl\/wp-content\/uploads\/sites\/3\/2016\/10\/Logo-SARL-e1476290643249.jpg","width":101,"height":110,"caption":"Reliance SARL"},"image":{"@id":"https:\/\/jaune.centrereliance.fr\/sarl\/#\/schema\/logo\/image\/"},"sameAs":["https:\/\/www.facebook.com\/Reliance-Association-318815031580269\/","https:\/\/www.linkedin.com\/company-beta\/16261855"]}]}},"_links":{"self":[{"href":"https:\/\/jaune.centrereliance.fr\/sarl\/wp-json\/wp\/v2\/pages\/1448","targetHints":{"allow":["GET"]}}],"collection":[{"href":"https:\/\/jaune.centrereliance.fr\/sarl\/wp-json\/wp\/v2\/pages"}],"about":[{"href":"https:\/\/jaune.centrereliance.fr\/sarl\/wp-json\/wp\/v2\/types\/page"}],"author":[{"embeddable":true,"href":"https:\/\/jaune.centrereliance.fr\/sarl\/wp-json\/wp\/v2\/users\/1"}],"replies":[{"embeddable":true,"href":"https:\/\/jaune.centrereliance.fr\/sarl\/wp-json\/wp\/v2\/comments?post=1448"}],"version-history":[{"count":112,"href":"https:\/\/jaune.centrereliance.fr\/sarl\/wp-json\/wp\/v2\/pages\/1448\/revisions"}],"predecessor-version":[{"id":5689,"href":"https:\/\/jaune.centrereliance.fr\/sarl\/wp-json\/wp\/v2\/pages\/1448\/revisions\/5689"}],"wp:attachment":[{"href":"https:\/\/jaune.centrereliance.fr\/sarl\/wp-json\/wp\/v2\/media?parent=1448"}],"curies":[{"name":"wp","href":"https:\/\/api.w.org\/{rel}","templated":true}]}}